{"id":1450,"date":"2022-08-13T14:49:11","date_gmt":"2022-08-13T14:49:11","guid":{"rendered":"https:\/\/sunsetislandresort.com\/?page_id=1450"},"modified":"2022-11-28T05:34:33","modified_gmt":"2022-11-28T05:34:33","slug":"surroundings","status":"publish","type":"page","link":"https:\/\/sunsetislandresort.com\/es\/surroundings\/","title":{"rendered":"Alrededores"},"content":{"rendered":"<div class=\"wp-block-cover alignfull is-light\" style=\"min-height:900px;aspect-ratio:unset;\"><span aria-hidden=\"true\" class=\"wp-block-cover__background has-background-dim-30 has-background-dim\"><\/span><img loading=\"lazy\" decoding=\"async\" width=\"1440\" height=\"809\" class=\"wp-block-cover__image-background wp-image-178\" alt=\"\" src=\"https:\/\/sunsetislandresort.com\/wp-content\/uploads\/2022\/07\/la-pen\u0303ita-de-jaltemba-resort-copia.jpg\" data-object-fit=\"cover\" srcset=\"https:\/\/sunsetislandresort.com\/wp-content\/uploads\/2022\/07\/la-pen\u0303ita-de-jaltemba-resort-copia.jpg 1440w, https:\/\/sunsetislandresort.com\/wp-content\/uploads\/2022\/07\/la-pen\u0303ita-de-jaltemba-resort-copia-300x169.jpg 300w, https:\/\/sunsetislandresort.com\/wp-content\/uploads\/2022\/07\/la-pen\u0303ita-de-jaltemba-resort-copia-1024x575.jpg 1024w, https:\/\/sunsetislandresort.com\/wp-content\/uploads\/2022\/07\/la-pen\u0303ita-de-jaltemba-resort-copia-768x431.jpg 768w\" sizes=\"auto, (max-width: 1440px) 100vw, 1440px\" \/><div class=\"wp-block-cover__inner-container is-layout-flow wp-block-cover-is-layout-flow\">\n<div style=\"height:43px\" aria-hidden=\"true\" class=\"wp-block-spacer\"><\/div>\n\n\n\n<p class=\"wow\">Alrededores<\/p>\n\n\n\n<p class=\"sub\">La Pe\u00f1ita de Jaltemba<\/p>\n<\/div><\/div>\n\n\n\n<div class=\"wp-block-columns alignwide is-layout-flex wp-container-core-columns-is-layout-9d6595d7 wp-block-columns-is-layout-flex\">\n<div class=\"wp-block-column is-vertically-aligned-center is-layout-flow wp-block-column-is-layout-flow\" style=\"flex-basis:70%\">\n<div class=\"wp-block-cover is-light\"><span aria-hidden=\"true\" class=\"wp-block-cover__background has-background-dim-100 has-background-dim\" style=\"background-color:#f7f7f7\"><\/span><div class=\"wp-block-cover__inner-container is-layout-flow wp-block-cover-is-layout-flow\">\n<div class=\"wp-block-columns is-layout-flex wp-container-core-columns-is-layout-9d6595d7 wp-block-columns-is-layout-flex\">\n<div class=\"wp-block-column cubo is-layout-flow wp-block-column-is-layout-flow\" style=\"flex-basis:100%\">\n<div style=\"height:100px\" aria-hidden=\"true\" class=\"wp-block-spacer\"><\/div>\n\n\n\n<div class=\"wp-block-ab-animate\" data-scroll-class=\"fadeInLeft\">\n<p class=\"sub black\">Isla Coral<\/p>\n\n\n\n<div style=\"height:10px\" aria-hidden=\"true\" class=\"wp-block-spacer\"><\/div>\n\n\n\n<p class=\"has-text-align-center borders2\">Isla Coral ubicada en Guayabitos aproximadamente a 10 minutos de La Pe\u00f1ita, es otro importante destino tur\u00edstico de la zona, donde te ofrecen varios tours entre ellos visitar Isla Coral, Playa del Toro, etc.<\/p>\n<\/div>\n\n\n\n<div style=\"height:50px\" aria-hidden=\"true\" class=\"wp-block-spacer\"><\/div>\n\n\n\n<div style=\"height:100px\" aria-hidden=\"true\" class=\"wp-block-spacer\"><\/div>\n<\/div>\n<\/div>\n<\/div><\/div>\n<\/div>\n\n\n\n<div class=\"wp-block-column is-vertically-aligned-center is-layout-flow wp-block-column-is-layout-flow\" style=\"flex-basis:700px\">\n<div class=\"wp-block-ab-animate\" data-scroll-class=\"fadeInRight\"><div class=\"wp-block-image cubo3\">\n<figure class=\"alignleft size-large\"><img loading=\"lazy\" decoding=\"async\" width=\"1024\" height=\"870\" src=\"https:\/\/sunsetislandresort.com\/wp-content\/uploads\/2022\/09\/isla-coral-la-penita-de-jaltemba-1024x870.jpg\" alt=\"\" class=\"wp-image-1510\" srcset=\"https:\/\/sunsetislandresort.com\/wp-content\/uploads\/2022\/09\/isla-coral-la-penita-de-jaltemba-1024x870.jpg 1024w, https:\/\/sunsetislandresort.com\/wp-content\/uploads\/2022\/09\/isla-coral-la-penita-de-jaltemba-300x255.jpg 300w, https:\/\/sunsetislandresort.com\/wp-content\/uploads\/2022\/09\/isla-coral-la-penita-de-jaltemba-768x653.jpg 768w, https:\/\/sunsetislandresort.com\/wp-content\/uploads\/2022\/09\/isla-coral-la-penita-de-jaltemba-1536x1306.jpg 1536w, https:\/\/sunsetislandresort.com\/wp-content\/uploads\/2022\/09\/isla-coral-la-penita-de-jaltemba.jpg 2000w\" sizes=\"auto, (max-width: 1024px) 100vw, 1024px\" \/><\/figure>\n<\/div><\/div>\n<\/div>\n<\/div>\n\n\n\n<div style=\"height:100px\" aria-hidden=\"true\" class=\"wp-block-spacer\"><\/div>\n\n\n\n<p> <\/p>\n\n\n\n<div class=\"wp-block-columns alignwide is-layout-flex wp-container-core-columns-is-layout-9d6595d7 wp-block-columns-is-layout-flex\">\n<div class=\"wp-block-column is-vertically-aligned-center is-layout-flow wp-block-column-is-layout-flow\" style=\"flex-basis:700px\">\n<div class=\"wp-block-ab-animate\">\n<div class=\"wp-block-ab-animate\" data-scroll-class=\"fadeInLeft\"><div class=\"wp-block-image cubo3\">\n<figure class=\"alignright size-large\"><img loading=\"lazy\" decoding=\"async\" width=\"1024\" height=\"870\" src=\"https:\/\/sunsetislandresort.com\/wp-content\/uploads\/2022\/09\/la-penita-de-jaltemba-tianguis-1024x870.jpg\" alt=\"\" class=\"wp-image-1509\" srcset=\"https:\/\/sunsetislandresort.com\/wp-content\/uploads\/2022\/09\/la-penita-de-jaltemba-tianguis-1024x870.jpg 1024w, https:\/\/sunsetislandresort.com\/wp-content\/uploads\/2022\/09\/la-penita-de-jaltemba-tianguis-300x255.jpg 300w, https:\/\/sunsetislandresort.com\/wp-content\/uploads\/2022\/09\/la-penita-de-jaltemba-tianguis-768x653.jpg 768w, https:\/\/sunsetislandresort.com\/wp-content\/uploads\/2022\/09\/la-penita-de-jaltemba-tianguis-1536x1306.jpg 1536w, https:\/\/sunsetislandresort.com\/wp-content\/uploads\/2022\/09\/la-penita-de-jaltemba-tianguis.jpg 2000w\" sizes=\"auto, (max-width: 1024px) 100vw, 1024px\" \/><\/figure>\n<\/div><\/div>\n<\/div>\n<\/div>\n\n\n\n<div class=\"wp-block-column is-vertically-aligned-center is-layout-flow wp-block-column-is-layout-flow\" style=\"flex-basis:70%\">\n<div class=\"wp-block-cover is-light cubo3\"><span aria-hidden=\"true\" class=\"wp-block-cover__background has-background-dim-100 has-background-dim\" style=\"background-color:#f7f7f7\"><\/span><div class=\"wp-block-cover__inner-container is-layout-flow wp-block-cover-is-layout-flow\">\n<div class=\"wp-block-columns is-layout-flex wp-container-core-columns-is-layout-9d6595d7 wp-block-columns-is-layout-flex\">\n<div class=\"wp-block-column is-vertically-aligned-center is-layout-flow wp-block-column-is-layout-flow\" style=\"flex-basis:100%\">\n<div style=\"height:100px\" aria-hidden=\"true\" class=\"wp-block-spacer\"><\/div>\n\n\n\n<div class=\"wp-block-ab-animate\" data-scroll-class=\"fadeInRight\">\n<p class=\"sub black\">El Tianguis<\/p>\n\n\n\n<div style=\"height:10px\" aria-hidden=\"true\" class=\"wp-block-spacer\"><\/div>\n\n\n\n<p class=\"has-text-align-left\">Para los que realmente les gusta ir de compras, e incluso para los que no, el Tianguis es una visita obligada. La gente viene de muchos kil\u00f3metros a la redonda para asistir a este mercado al aire libre que se celebra todos los jueves en La Pe\u00f1ita.<br>Desde artistas locales que exhiben joyas de plata y hechas a mano, cristaler\u00eda, cer\u00e1mica de talavera, hermosas alfombras de lana oaxaque\u00f1a y la famosa obra de arte con cuentas de los indios huicholes, hasta vendedores con carritos de ceviche y camarones gigantes, amas de casa que venden pasteles frescos y ropa de cama, y camionetas repletas de chiles poblanos. y sand\u00edas, lo que sea, lo tienen aqu\u00ed. Este es uno de los mercados m\u00e1s grandes y conocidos de la zona.<\/p>\n<\/div>\n\n\n\n<div style=\"height:50px\" aria-hidden=\"true\" class=\"wp-block-spacer\"><\/div>\n\n\n\n<div style=\"height:100px\" aria-hidden=\"true\" class=\"wp-block-spacer\"><\/div>\n<\/div>\n<\/div>\n<\/div><\/div>\n<\/div>\n<\/div>\n\n\n\n<div style=\"height:100px\" aria-hidden=\"true\" class=\"wp-block-spacer\"><\/div>\n\n\n\n<div class=\"wp-block-ab-animate\" data-scroll-class=\"fadeInDown\">\n<p class=\"ti black\">Eventos anuales de la ciudad<\/p>\n<\/div>\n\n\n\n<div style=\"height:40px\" aria-hidden=\"true\" class=\"wp-block-spacer\"><\/div>\n\n\n\n<div class=\"wp-block-columns is-layout-flex wp-container-core-columns-is-layout-9d6595d7 wp-block-columns-is-layout-flex\">\n<div class=\"wp-block-column is-layout-flow wp-block-column-is-layout-flow\">\n<figure class=\"wp-block-image size-full is-resized\"><img loading=\"lazy\" decoding=\"async\" src=\"https:\/\/sunsetislandresort.com\/wp-content\/uploads\/2022\/09\/Fiestas-patronales-la-pen\u0303ita-de-jaltemba.jpg\" alt=\"\" class=\"wp-image-1504\" width=\"750\" height=\"750\" srcset=\"https:\/\/sunsetislandresort.com\/wp-content\/uploads\/2022\/09\/Fiestas-patronales-la-pen\u0303ita-de-jaltemba.jpg 1000w, https:\/\/sunsetislandresort.com\/wp-content\/uploads\/2022\/09\/Fiestas-patronales-la-pen\u0303ita-de-jaltemba-300x300.jpg 300w, https:\/\/sunsetislandresort.com\/wp-content\/uploads\/2022\/09\/Fiestas-patronales-la-pen\u0303ita-de-jaltemba-150x150.jpg 150w, https:\/\/sunsetislandresort.com\/wp-content\/uploads\/2022\/09\/Fiestas-patronales-la-pen\u0303ita-de-jaltemba-768x768.jpg 768w\" sizes=\"auto, (max-width: 750px) 100vw, 750px\" \/><\/figure>\n\n\n\n<p class=\"mini black\">Carnaval de Febrero<\/p>\n\n\n\n<div style=\"height:20px\" aria-hidden=\"true\" class=\"wp-block-spacer\"><\/div>\n<\/div>\n\n\n\n<div class=\"wp-block-column is-layout-flow wp-block-column-is-layout-flow\">\n<figure class=\"wp-block-image size-full is-resized\"><img loading=\"lazy\" decoding=\"async\" src=\"https:\/\/sunsetislandresort.com\/wp-content\/uploads\/2022\/09\/Fiestas-patronales-la-pen\u0303ita-de-jaltemba-3.jpg\" alt=\"\" class=\"wp-image-1505\" width=\"750\" height=\"750\" srcset=\"https:\/\/sunsetislandresort.com\/wp-content\/uploads\/2022\/09\/Fiestas-patronales-la-pen\u0303ita-de-jaltemba-3.jpg 1000w, https:\/\/sunsetislandresort.com\/wp-content\/uploads\/2022\/09\/Fiestas-patronales-la-pen\u0303ita-de-jaltemba-3-300x300.jpg 300w, https:\/\/sunsetislandresort.com\/wp-content\/uploads\/2022\/09\/Fiestas-patronales-la-pen\u0303ita-de-jaltemba-3-150x150.jpg 150w, https:\/\/sunsetislandresort.com\/wp-content\/uploads\/2022\/09\/Fiestas-patronales-la-pen\u0303ita-de-jaltemba-3-768x768.jpg 768w\" sizes=\"auto, (max-width: 750px) 100vw, 750px\" \/><\/figure>\n\n\n\n<p class=\"mini black\">Vochomania<\/p>\n\n\n\n<div style=\"height:20px\" aria-hidden=\"true\" class=\"wp-block-spacer\"><\/div>\n<\/div>\n\n\n\n<div class=\"wp-block-column is-layout-flow wp-block-column-is-layout-flow\">\n<figure class=\"wp-block-image size-full is-resized\"><img loading=\"lazy\" decoding=\"async\" src=\"https:\/\/sunsetislandresort.com\/wp-content\/uploads\/2022\/09\/Fiestas-patronales-la-pen\u0303ita-de-jaltemba-2.jpg\" alt=\"\" class=\"wp-image-1506\" width=\"750\" height=\"750\" srcset=\"https:\/\/sunsetislandresort.com\/wp-content\/uploads\/2022\/09\/Fiestas-patronales-la-pen\u0303ita-de-jaltemba-2.jpg 1000w, https:\/\/sunsetislandresort.com\/wp-content\/uploads\/2022\/09\/Fiestas-patronales-la-pen\u0303ita-de-jaltemba-2-300x300.jpg 300w, https:\/\/sunsetislandresort.com\/wp-content\/uploads\/2022\/09\/Fiestas-patronales-la-pen\u0303ita-de-jaltemba-2-150x150.jpg 150w, https:\/\/sunsetislandresort.com\/wp-content\/uploads\/2022\/09\/Fiestas-patronales-la-pen\u0303ita-de-jaltemba-2-768x768.jpg 768w\" sizes=\"auto, (max-width: 750px) 100vw, 750px\" \/><\/figure>\n\n\n\n<p class=\"mini black\">20 de mayo Fiesta en honor a la Virgen de Talpa<\/p>\n\n\n\n<div style=\"height:20px\" aria-hidden=\"true\" class=\"wp-block-spacer\"><\/div>\n<\/div>\n\n\n\n<div class=\"wp-block-column is-layout-flow wp-block-column-is-layout-flow\">\n<figure class=\"wp-block-image size-full is-resized\"><img loading=\"lazy\" decoding=\"async\" src=\"https:\/\/sunsetislandresort.com\/wp-content\/uploads\/2022\/09\/Fiestas-patronales-la-pen\u0303ita-de-jaltemba-4.jpg\" alt=\"\" class=\"wp-image-1507\" width=\"750\" height=\"750\" srcset=\"https:\/\/sunsetislandresort.com\/wp-content\/uploads\/2022\/09\/Fiestas-patronales-la-pen\u0303ita-de-jaltemba-4.jpg 1000w, https:\/\/sunsetislandresort.com\/wp-content\/uploads\/2022\/09\/Fiestas-patronales-la-pen\u0303ita-de-jaltemba-4-300x300.jpg 300w, https:\/\/sunsetislandresort.com\/wp-content\/uploads\/2022\/09\/Fiestas-patronales-la-pen\u0303ita-de-jaltemba-4-150x150.jpg 150w, https:\/\/sunsetislandresort.com\/wp-content\/uploads\/2022\/09\/Fiestas-patronales-la-pen\u0303ita-de-jaltemba-4-768x768.jpg 768w\" sizes=\"auto, (max-width: 750px) 100vw, 750px\" \/><\/figure>\n\n\n\n<p class=\"mini black\">Fiesta del orgullo gay<\/p>\n\n\n\n<div style=\"height:20px\" aria-hidden=\"true\" class=\"wp-block-spacer\"><\/div>\n<\/div>\n<\/div>","protected":false},"excerpt":{"rendered":"<p>February Carnival Vochomania May 20th Festival in honor of the Virgin of Talpa Gay pride party<\/p>","protected":false},"author":1,"featured_media":0,"parent":0,"menu_order":0,"comment_status":"closed","ping_status":"closed","template":"","meta":{"_glsr_average":0,"_glsr_ranking":0,"_glsr_reviews":0,"footnotes":""},"class_list":["post-1450","page","type-page","status-publish","hentry"],"_links":{"self":[{"href":"https:\/\/sunsetislandresort.com\/es\/wp-json\/wp\/v2\/pages\/1450","targetHints":{"allow":["GET"]}}],"collection":[{"href":"https:\/\/sunsetislandresort.com\/es\/wp-json\/wp\/v2\/pages"}],"about":[{"href":"https:\/\/sunsetislandresort.com\/es\/wp-json\/wp\/v2\/types\/page"}],"author":[{"embeddable":true,"href":"https:\/\/sunsetislandresort.com\/es\/wp-json\/wp\/v2\/users\/1"}],"replies":[{"embeddable":true,"href":"https:\/\/sunsetislandresort.com\/es\/wp-json\/wp\/v2\/comments?post=1450"}],"version-history":[{"count":17,"href":"https:\/\/sunsetislandresort.com\/es\/wp-json\/wp\/v2\/pages\/1450\/revisions"}],"predecessor-version":[{"id":2863,"href":"https:\/\/sunsetislandresort.com\/es\/wp-json\/wp\/v2\/pages\/1450\/revisions\/2863"}],"wp:attachment":[{"href":"https:\/\/sunsetislandresort.com\/es\/wp-json\/wp\/v2\/media?parent=1450"}],"curies":[{"name":"wp","href":"https:\/\/api.w.org\/{rel}","templated":true}]}}